{"id":34,"date":"2025-04-22T21:28:54","date_gmt":"2025-04-22T21:28:54","guid":{"rendered":"https:\/\/detuvidamx.org\/?page_id=34"},"modified":"2025-07-24T22:43:37","modified_gmt":"2025-07-24T22:43:37","slug":"autonomia-energetica","status":"publish","type":"page","link":"https:\/\/detuvidamx.org\/?page_id=34","title":{"rendered":"Autonom\u00eda energ\u00e9tica"},"content":{"rendered":"\n<div class=\"wp-block-group alignfull has-global-padding is-layout-constrained wp-block-group-is-layout-constrained\" style=\"margin-top:0;margin-bottom:0\">\n<div class=\"wp-block-columns is-layout-flex wp-container-core-columns-is-layout-28f84493 wp-block-columns-is-layout-flex\">\n<div class=\"wp-block-column is-layout-flow wp-block-column-is-layout-flow\">\n<figure class=\"wp-block-image size-full\"><img loading=\"lazy\" decoding=\"async\" width=\"300\" height=\"434\" src=\"https:\/\/detuvidamx.org\/wp-content\/uploads\/2025\/07\/autonomia_energetica-2.png\" alt=\"\" class=\"wp-image-49\" srcset=\"https:\/\/detuvidamx.org\/wp-content\/uploads\/2025\/07\/autonomia_energetica-2.png 300w, https:\/\/detuvidamx.org\/wp-content\/uploads\/2025\/07\/autonomia_energetica-2-207x300.png 207w\" sizes=\"auto, (max-width: 300px) 100vw, 300px\" \/><\/figure>\n<\/div>\n\n\n\n<div class=\"wp-block-column is-layout-flow wp-block-column-is-layout-flow\">\n<p>La Autonom\u00eda Energ\u00e9tica es una parte muy importante de nuestra organizaci\u00f3n. Nosotros dejamos de pagar la luz por las altas tarifas que nos llegaban, con recibos de 200, 300, o hasta 800 pesos por familia, incluso en casas donde hab\u00eda un foco o pocos focos, \u00a1y sin m\u00e1quinas como lavadoras o refrigeradores! Entonces nos organizamos para no pagar m\u00e1s la luz a la Comisi\u00f3n Federal de Electricidad (CFE). <\/p>\n<\/div>\n<\/div>\n\n\n\n<p class=\"has-contrast-color has-text-color has-link-color wp-elements-3516ec511b5ad9e37408b1d72b473e76\">Desde que quitamos los \u201cmedidores digitales\u201d de luz, la CFE ya no llega, y no va a llegar porque aqu\u00ed estamos organizados. Sabemos bien que no queremos nada con la CFE, y no podemos depender de ellos. Para nosotros la luz es un derecho, y esta toma de electricidad es legal.<\/p>\n\n\n\n<p>Tenemos una caja de ahorro donde anualmente todas las comunidades cooperamos para contar con equipo, como postes o transformadores. Aunque a\u00fan tenemos dificultades para cubrir esos gastos (equipos muy caros) y las transportaciones de nuestros compa\u00f1eros t\u00e9cnicos. Pero&nbsp; seguimos caminando para buscar capacitaciones, buscar organizaciones aliadas y conseguir los recursos econ\u00f3micos para tener el equipo necesario y trabajar la electricidad con m\u00e1s seguridad.<\/p>\n\n\n\n<p><strong><em>\u201cPor eso las comunidades se organizaron, y dijeron que no iban a pagar la luz, no van a pagar definitivamente a la \u201cComisi\u00f3n Federal de Electricidad\u201d, sino, mejor nos organizamos las comunidades y nos juntamos. (&#8230;) Por eso nosotros decidimos no pagar la luz, \u00a1ni un solo peso!\u201d<\/em><\/strong><\/p>\n\n\n\n<p>* Para esta Comisi\u00f3n de Autonom\u00eda Energ\u00e9tica elegimos el s\u00edmbolo antiguo de nuestra escritura maya para decir \u201cestrella\u201d, que hoy, en nuestra lengua Tseltal de Chil\u00f3n es <strong>EK\u2019<\/strong>. Porque nosotros relacionamos la energ\u00eda el\u00e9ctrica que usamos para las casas con la energ\u00eda natural de la vida que vemos en las estrellas brillando en el cielo.<\/p>\n<\/div>\n\n\n\n<figure class=\"wp-block-image size-large\"><img loading=\"lazy\" decoding=\"async\" width=\"1024\" height=\"450\" src=\"https:\/\/detuvidamx.org\/wp-content\/uploads\/2025\/07\/footer1-1024x450.png\" alt=\"\" class=\"wp-image-59\" srcset=\"https:\/\/detuvidamx.org\/wp-content\/uploads\/2025\/07\/footer1-1024x450.png 1024w, https:\/\/detuvidamx.org\/wp-content\/uploads\/2025\/07\/footer1-300x132.png 300w, https:\/\/detuvidamx.org\/wp-content\/uploads\/2025\/07\/footer1-768x337.png 768w, https:\/\/detuvidamx.org\/wp-content\/uploads\/2025\/07\/footer1.png 1139w\" sizes=\"auto, (max-width: 1024px) 100vw, 1024px\" \/><\/figure>\n","protected":false},"excerpt":{"rendered":"<p>La Autonom\u00eda Energ\u00e9tica es una parte muy importante de nuestra organizaci\u00f3n. Nosotros dejamos de pagar la luz por las altas tarifas que nos llegaban, con recibos de 200, 300, o hasta 800 pesos por familia, incluso en casas donde hab\u00eda un foco o pocos focos, \u00a1y sin m\u00e1quinas como lavadoras o refrigeradores! Entonces nos organizamos [&hellip;]<\/p>\n","protected":false},"author":2,"featured_media":0,"parent":0,"menu_order":0,"comment_status":"closed","ping_status":"closed","template":"","meta":{"footnotes":""},"class_list":["post-34","page","type-page","status-publish","hentry"],"_links":{"self":[{"href":"https:\/\/detuvidamx.org\/index.php?rest_route=\/wp\/v2\/pages\/34","targetHints":{"allow":["GET"]}}],"collection":[{"href":"https:\/\/detuvidamx.org\/index.php?rest_route=\/wp\/v2\/pages"}],"about":[{"href":"https:\/\/detuvidamx.org\/index.php?rest_route=\/wp\/v2\/types\/page"}],"author":[{"embeddable":true,"href":"https:\/\/detuvidamx.org\/index.php?rest_route=\/wp\/v2\/users\/2"}],"replies":[{"embeddable":true,"href":"https:\/\/detuvidamx.org\/index.php?rest_route=%2Fwp%2Fv2%2Fcomments&post=34"}],"version-history":[{"count":7,"href":"https:\/\/detuvidamx.org\/index.php?rest_route=\/wp\/v2\/pages\/34\/revisions"}],"predecessor-version":[{"id":90,"href":"https:\/\/detuvidamx.org\/index.php?rest_route=\/wp\/v2\/pages\/34\/revisions\/90"}],"wp:attachment":[{"href":"https:\/\/detuvidamx.org\/index.php?rest_route=%2Fwp%2Fv2%2Fmedia&parent=34"}],"curies":[{"name":"wp","href":"https:\/\/api.w.org\/{rel}","templated":true}]}}