{"id":12,"date":"2025-04-22T20:56:10","date_gmt":"2025-04-22T20:56:10","guid":{"rendered":"https:\/\/detuvidamx.org\/?page_id=12"},"modified":"2025-07-24T22:48:08","modified_gmt":"2025-07-24T22:48:08","slug":"detuvida","status":"publish","type":"page","link":"https:\/\/detuvidamx.org\/","title":{"rendered":"DETUVIDA"},"content":{"rendered":"\n<figure class=\"wp-block-image aligncenter size-full is-resized\"><img loading=\"lazy\" decoding=\"async\" width=\"770\" height=\"770\" src=\"https:\/\/detuvidamx.org\/wp-content\/uploads\/2025\/04\/Imagen-1.png\" alt=\"\" class=\"wp-image-16\" style=\"width:323px;height:auto\" srcset=\"https:\/\/detuvidamx.org\/wp-content\/uploads\/2025\/04\/Imagen-1.png 770w, https:\/\/detuvidamx.org\/wp-content\/uploads\/2025\/04\/Imagen-1-300x300.png 300w, https:\/\/detuvidamx.org\/wp-content\/uploads\/2025\/04\/Imagen-1-150x150.png 150w, https:\/\/detuvidamx.org\/wp-content\/uploads\/2025\/04\/Imagen-1-768x768.png 768w\" sizes=\"auto, (max-width: 770px) 100vw, 770px\" \/><\/figure>\n\n\n\n<p>Este escrito fue realizado durante el a\u00f1o de 2024, a partir de nuestra voz, de mujeres y hombres pertenecientes a 15 comunidades diferentes. Mujeres y hombres que despu\u00e9s de caminar organizados durante unos 6 a\u00f1os, el 16 de julio de 2023 decidimos reestructurarnos y tener un nuevo nombre y una nueva forma: DETUVIDA, que para nosotros es:\u201cDefensa del Territorio y de la Vida de los Pueblos Originarios de Chil\u00f3n\u201d, Chiapas, M\u00e9xico.<\/p>\n\n\n\n<p>Estamos ubicados en la regi\u00f3n Maya Tseltal del municipio de Chil\u00f3n, en Chiapas, M\u00e9xico. Un territorio con mucha cultura antigua, tambi\u00e9n con restos de antiguas ciudades de piedra que construyeron nuestros antepasados. Desde estas tierras nuestras, ancestrales, estamos haciendo conciencia de la larga historia de ataques a nuestros Pueblos Originarios, que iniciaron hace m\u00e1s de 500 a\u00f1os. Y esa es una realidad que contin\u00faa hoy con un Gobierno Mexicano aliado del Capitalismo Mundial, generando ataques y grandes fallas en nuestros derechos de Educaci\u00f3n, Agua, Salud, Alimento, Seguridad. Las problem\u00e1ticas que enfrentamos en la regi\u00f3n de Chil\u00f3n son much\u00edsimas, y sabemos que esto sucede en todos los rincones de la Madre Tierra donde se enfrentan problem\u00e1ticas ecol\u00f3gicas y pol\u00edticas originadas por las grandes Empresas, los Bancos y Gobiernos que quieren apoderarse de nuestras riquezas (minerales, agua, bosques, semillas), \u00a1apoderarse y controlar toda la vida!<\/p>\n\n\n\n<p>As\u00ed es como hemos entendido y sentido la necesidad de organizarnos pensando en el futuro de nuestros hijos, en las nuevas generaciones que a\u00fan vendr\u00e1n. Nosotros nos estamos preparando para lo que se viene y para todo lo que ya est\u00e1 pasando. La violencia que vino de afuera est\u00e1 empeorando en Chiapas.<\/p>\n\n\n\n<p><strong><em>\u201cEsta forma de organizaci\u00f3n es para nosotros seguir la forma en la que trabajaban nuestros ancestros hace cientos y miles de a\u00f1os. Por eso necesitamos estar unidos, habl\u00e1ndonos, solidariz\u00e1ndonos. Estamos elaborando un plan de trabajo comunitario para esto. La unidad es lo que nos levanta, lo que nos da la fuerza.<\/em><\/strong>\u201d<\/p>\n\n\n\n<div class=\"wp-block-columns is-layout-flex wp-container-core-columns-is-layout-28f84493 wp-block-columns-is-layout-flex\">\n<div class=\"wp-block-column is-layout-flow wp-block-column-is-layout-flow\">\n<p class=\"has-base-color has-accent-3-background-color has-text-color has-background has-link-color has-x-large-font-size wp-elements-5a684e221014ccacbc7d7d53affb4f60\" style=\"border-radius:0px\"><strong>NUESTRAS RA\u00cdCES<\/strong><\/p>\n\n\n\n<p>Como una forma de fortalecer nuestra identidad Maya Tseltal, hicimos un taller colectivo para elegir nuestro s\u00edmbolo principal, la imagen que nos representa como DETUVIDA. Y tambi\u00e9n elegimos colectivamente un s\u00edmbolo por cada una de las 5 comisiones. Con ayuda de personas que estudian la antigua historia Maya, decidimos usar el s\u00edmbolo de escritura que significa: <strong>TZ\u2019AK<\/strong> (viene de una antigua lengua ch\u2019ol de nuestros abuelos y abuelas). Esta palabra, a\u00fan est\u00e1 contenida en varias lenguas mayas como nuestro Tseltal, y para nosotros es TZ\u2019AKAL. Expresa el \u201climite\u201d entre dos cosas, o lo que est\u00e1 \u201ccompleto\u201d, o algo que se termina para que inicie otra cosa. En una de sus variantes, este signo de escritura maya se muestra con el rostro de un hombre y el de una mujer (otras variantes son el \u201cD\u00eda y la Noche\u201d o la \u201cComida y la Bebida\u201d). Nosotros elegimos esto porque buscamos que en nuestra organizaci\u00f3n las mujeres y los hombres estemos juntos; que entendamos realmente que nos necesitamos juntos para mantener el caminar de nuestras comunidades.<\/p>\n\n\n\n<p>Hasta ahora seguimos teniendo esos talleres de Arqueolog\u00eda Maya para aprender c\u00f3mo era la ciencia y el arte antiguo, c\u00f3mo era la espiritualidad de nuestros abuelos antes de la invasi\u00f3n europea hace m\u00e1s de 500 a\u00f1os. As\u00ed fue como elegimos un s\u00edmbolo de nuestra escritura Maya antigua, \u00a1escritura que quiso ser exterminada por los invasores europeos! Y es que nuestra lengua tambi\u00e9n est\u00e1 viviendo fuertes p\u00e9rdidas hoy. Muchos padres ya no quieren ense\u00f1ar la lengua Tseltal a sus hijos. En las ciudades la discriminaci\u00f3n es muy fuerte. Pero para nosotros es igual de importante el tseltal y el espa\u00f1ol. A veces nosotros tenemos dificultades cuando vienen personas de fuera a darnos talleres, porque muchos de nosotros no hablamos espa\u00f1ol, pero afortunadamente tenemos compa\u00f1eros que hablan ambos idiomas y pueden ser los traductores.<\/p>\n\n\n\n<p><strong><em>\u201cNuestros ancestros ten\u00edan mucha sabidur\u00eda, si no llov\u00eda sab\u00edan pedir la lluvia<\/em><\/strong>\u201d<\/p>\n\n\n\n<p>Mucha de la historia nuestra la hemos olvidado, del viejo tiempo de las grandes casas de piedra muchos no sabemos qu\u00e9 significa o c\u00f3mo se hizo. Pero estamos reconociendo que hay mucho que recordar. Ya no queremos perder lo que viene de nuestros antepasados, al parecer ellos ten\u00edan bastante fuerza. \u00a1Pero tambi\u00e9n hemos ido reconociendo que much\u00edsimas cosas las seguimos manteniendo en nuestros pueblos! \u00a1Los pueblos mayas siguen vivos y caminando por su florecer! Por eso queremos seguir abriendo los ojos a nuestro pasado, seguir descubriendo c\u00f3mo viv\u00edamos hace miles de a\u00f1os, y fortalecer nuestra cultura que los abuelos nos heredaron: nuestros trajes tradicionales, nuestra lengua, nuestras ceremonias, nuestras semillas, nuestros alimentos, \u00a1nuestra pol\u00edtica aut\u00f3noma comunitaria!<\/p>\n\n\n\n<p><strong><em>\u201cAs\u00ed mantenemos muchas otras cosas de los abuelos, como nuestro ma\u00edz y el frijol.\u201d<\/em><\/strong><\/p>\n\n\n\n<p class=\"has-base-color has-accent-3-background-color has-text-color has-background has-link-color has-x-large-font-size wp-elements-fdcf97baeca8439fbd208ed206f59a99\"><strong>NUESTRA REALIDAD EN CHIL\u00d3N<\/strong><\/p>\n\n\n\n<p>Para nosotros mismos es un gran reto destinar el tiempo para organizarnos, y a la vez buscar maneras de sustentar a la familia; o dar el tiempo para trabajar nuestros campos y tener producci\u00f3n de alimentos. Por eso pensamos c\u00f3mo generar alg\u00fan tipo de cooperativa (el caf\u00e9 es uno de nuestros principales cultivos comerciables) con el fin de fortalecer nuestra autonom\u00eda y contar con recursos econ\u00f3micos para cualquier necesidad. Porque debido a estas dificultades, muchas personas y muchos j\u00f3venes est\u00e1n prefiriendo buscar trabajo fuera y migrar al norte de M\u00e9xico o a los Estados Unidos.<\/p>\n\n\n\n<p>Y es que pasamos muchas dificultades materiales. Muchos de nuestros ni\u00f1os y ni\u00f1as, por ejemplo, no tienen buenas ropas ni zapatos. Las familias no tienen suficientes cobijas. Por eso en tiempos de fr\u00edo hay m\u00e1s enfermedades y por eso nos preguntamos c\u00f3mo recuperar nuestra medicina natural y c\u00f3mo cuidar nuestras fuentes de agua para tener salud. Porque tambi\u00e9n se est\u00e1n perdiendo nuestros bosques que mantienen el agua, se est\u00e1n talando m\u00e1s y m\u00e1s \u00e1rboles, y muchos \u00e1rboles que son viejos, mientras el Municipio no act\u00faa.<\/p>\n\n\n\n<p><strong><em>\u201cAnte el gobierno mexicano y sus ataques, negaciones, trampas, nosotros ya despertamos, hemos dicho \u201c\u00a1ya no, ya basta!\u201d. Ya es mucho, ya nos han pisoteado. Y no estamos dispuestos a perder porque lo que tenemos nos ha costado, nos ha costado con l\u00e1grimas, con hambre.\u201d<\/em><\/strong><strong><em><\/em><\/strong><\/p>\n\n\n\n<p>Ya hemos visto c\u00f3mo los Partidos Pol\u00edticos hacen promesas en su campa\u00f1a, y una vez que ganan no cumplen. Los \u201cfuncionarios p\u00fablicos\u201d hacen lo que quieren, incluso asesinar. \u00a1Cu\u00e1ntas personas y l\u00edderes han muerto tan solo en Chiapas por no obedecer al Gobierno y a las grandes empresas! Los Partidos Pol\u00edticos en turno s\u00ed ofrecen su tipo de \u201cayuda\u201d, pero no es algo que cambie profundamente nuestra realidad. Su \u201cayuda\u201d es regalar l\u00e1minas para los techos, construir cuartos, cocinas, o el \u201csembrando vida\u201d, que s\u00ed se necesita tambi\u00e9n, pero a cambio de que est\u00e9s con ellos y olvidemos nuestra organizaci\u00f3n Maya Aut\u00f3noma. Hasta vienen a comprarnos con repartir juguetes o trastes de cocina. Sabemos que as\u00ed ellos buscan ganarse a la gente, ganar votos o comprar directamente a nuestros l\u00edderes para dividirnos, aprovech\u00e1ndose de las grandes necesidades de nuestros Pueblos. Ahora, con este gobierno de \u201cizquierda\u201d estamos muy atentos, a\u00fan no nos muestra cambios profundos y reales, por eso sabemos que debemos tener mucha atenci\u00f3n con los Partidos Pol\u00edticos y organizarnos nosotros, hacer nuestra propia pol\u00edtica Tseltal para resolver las cosas juntos, en apoyo con todas nuestras Comisiones.<\/p>\n\n\n\n<p><strong><em>\u201cEs muy importante la organizaci\u00f3n, para nuestra familia y para nuestra tierra. Es muy importante para que haya paz, no haya problemas. Y en nuestro terreno. Y adem\u00e1s es importante para nuestros hijos. El d\u00eda que no estemos, y ellos tengan c\u00f3mo hacer cuando ya no estemos, es muy importante.\u201d<\/em><\/strong><\/p>\n\n\n\n<p class=\"has-base-color has-accent-3-background-color has-text-color has-background has-link-color has-x-large-font-size wp-elements-b2850f464ddd78934da3125993f7d448\"><strong>NUESTRA ORGANIZACI\u00d3N TSELTAL<\/strong><\/p>\n\n\n\n<p>Hemos creado 5 \u00e1reas y una mesa directiva. Esas \u00e1reas o comisiones son \u201cSeguridad\u201d, \u201cReconciliador de Paz\u201d, \u201cTerritorio y Alimentaci\u00f3n\u201d, \u201cAgua y Salud\u201d y \u201cAutonom\u00eda Energ\u00e9tica\u201d. Los cargos entre nosotros son asignados en asamblea, colectivamente, y por un tiempo definido. No es que alguien toma un lugar solo porque quiere, todos lo tienen que ver, escuchar, aceptar, durante un proceso especial en asamblea. Aunque a\u00fan no lo logramos, como parte de nuestra mesa de representantes buscamos tener la mitad de hombres y la mitad de mujeres. Es importante que estemos las mujeres siempre porque tambi\u00e9n somos representantes de lus pueblos. Aunque a\u00fan estamos en una realidad donde hay que trabajar \u201cmachismos\u201d, y donde son los hombres los que m\u00e1s han tenido la oportunidad de aprender espa\u00f1ol, dificultando la participaci\u00f3n de muchas mujeres que solo hablan tseltal cuando hay talleres con organizaciones de fuera.<\/p>\n\n\n\n<p>&nbsp;&nbsp; Nos reunimos con constancia para tomar las decisiones y avanzar juntos. Aunque un gran problema que tenemos es que no es nada f\u00e1cil pagar los transportes para reunirnos. Los transportistas son muy abusivos en sus precios, y ya ha habido un fuerte desgaste por el pago de colectivos que aportamos de nuestras propias bolsas. Pero nosotros no podemos dejar de reunirnos. Incluso, si hay un problema inesperado, tenemos m\u00e1s reuniones de las programadas.<\/p>\n<\/div>\n<\/div>\n\n\n\n<p class=\"has-base-color has-accent-3-background-color has-text-color has-background has-link-color has-x-large-font-size wp-elements-fceefa2017d3f149f19dca32966b8c68\"><strong>NUESTRO LLAMADO<\/strong><\/p>\n\n\n\n<p>Somos una organizaci\u00f3n Maya Tseltal que camina por el bienestar de nuestras comunidades, y por la vida de la Madre Tierra. Nosotros pensamos mucho en nuestras familias, \u00bfc\u00f3mo van a hacer nuestros hijos el d\u00eda en que nosotros ya no estemos? Pensando en las siguientes generaciones, en comunidades que puedan apoyar a nuestros ni\u00f1os y j\u00f3venes. Por ello, con este escrito buscamos compartir el caminar que hemos hecho para buscar apoyos y generar redes por la autonom\u00eda de los pueblos.<\/p>\n\n\n\n<p>Materialmente seguimos pasando dificultades, como el pago de transporte para reunirnos. A veces en las reuniones comemos solo nuestro pozol, que es lo que tenemos, aunque nos gustar\u00eda poder comer mejor cuando realizamos las juntas, sabemos que eso nos dar\u00eda m\u00e1s \u00e1nimo. Queremos tambi\u00e9n conseguir mesas y sillas para nuestras reuniones, y un equipo de c\u00f3mputo y papeler\u00eda para nuestros documentos. Por esto buscamos tener m\u00e1s ideas para avanzar, con aliados externos, organizaciones y otros Pueblos Originarios, con nuevas&nbsp; capacitaciones. Porque a\u00fan con las grandes dificultades que nos impone el Capitalismo y el Gobierno hemos decidido que continuamos, nos hemos decidido a seguir y sacar adelante el trabajo de la organizaci\u00f3n.<\/p>\n\n\n\n<p class=\"has-accent-2-background-color has-background has-large-font-size\" style=\"border-style:none;border-width:0px\"><strong>\u00a1Unidad y Autonom\u00eda desde nuestro sistema normativo Tseltal!<\/strong><\/p>\n\n\n\n<figure class=\"wp-block-image size-large\"><img loading=\"lazy\" decoding=\"async\" width=\"1024\" height=\"450\" src=\"https:\/\/detuvidamx.org\/wp-content\/uploads\/2025\/07\/footer1-1024x450.png\" alt=\"\" class=\"wp-image-59\" srcset=\"https:\/\/detuvidamx.org\/wp-content\/uploads\/2025\/07\/footer1-1024x450.png 1024w, https:\/\/detuvidamx.org\/wp-content\/uploads\/2025\/07\/footer1-300x132.png 300w, https:\/\/detuvidamx.org\/wp-content\/uploads\/2025\/07\/footer1-768x337.png 768w, https:\/\/detuvidamx.org\/wp-content\/uploads\/2025\/07\/footer1.png 1139w\" sizes=\"auto, (max-width: 1024px) 100vw, 1024px\" \/><\/figure>\n\n\n\n<p><\/p>\n","protected":false},"excerpt":{"rendered":"<p>Este escrito fue realizado durante el a\u00f1o de 2024, a partir de nuestra voz, de mujeres y hombres pertenecientes a 15 comunidades diferentes. Mujeres y hombres que despu\u00e9s de caminar organizados durante unos 6 a\u00f1os, el 16 de julio de 2023 decidimos reestructurarnos y tener un nuevo nombre y una nueva forma: DETUVIDA, que para [&hellip;]<\/p>\n","protected":false},"author":2,"featured_media":0,"parent":0,"menu_order":0,"comment_status":"closed","ping_status":"closed","template":"","meta":{"footnotes":""},"class_list":["post-12","page","type-page","status-publish","hentry"],"_links":{"self":[{"href":"https:\/\/detuvidamx.org\/index.php?rest_route=\/wp\/v2\/pages\/12","targetHints":{"allow":["GET"]}}],"collection":[{"href":"https:\/\/detuvidamx.org\/index.php?rest_route=\/wp\/v2\/pages"}],"about":[{"href":"https:\/\/detuvidamx.org\/index.php?rest_route=\/wp\/v2\/types\/page"}],"author":[{"embeddable":true,"href":"https:\/\/detuvidamx.org\/index.php?rest_route=\/wp\/v2\/users\/2"}],"replies":[{"embeddable":true,"href":"https:\/\/detuvidamx.org\/index.php?rest_route=%2Fwp%2Fv2%2Fcomments&post=12"}],"version-history":[{"count":9,"href":"https:\/\/detuvidamx.org\/index.php?rest_route=\/wp\/v2\/pages\/12\/revisions"}],"predecessor-version":[{"id":92,"href":"https:\/\/detuvidamx.org\/index.php?rest_route=\/wp\/v2\/pages\/12\/revisions\/92"}],"wp:attachment":[{"href":"https:\/\/detuvidamx.org\/index.php?rest_route=%2Fwp%2Fv2%2Fmedia&parent=12"}],"curies":[{"name":"wp","href":"https:\/\/api.w.org\/{rel}","templated":true}]}}